{"id":2311,"date":"2024-04-06T09:25:00","date_gmt":"2024-04-06T07:25:00","guid":{"rendered":"https:\/\/fv-montanregion-erzgebirge.de\/montan\/?post_type=portfolio&#038;p=2311"},"modified":"2024-06-24T16:22:04","modified_gmt":"2024-06-24T14:22:04","slug":"projekte","status":"publish","type":"portfolio","link":"https:\/\/fv-montanregion-erzgebirge.de\/montan\/portfolio-item\/projekte\/","title":{"rendered":"Aktuelle Projekte"},"content":{"rendered":"\n<style type=\"text\/css\" data-created_by=\"avia_inline_auto\" id=\"style-css-av-lsbkap2y-6b36b013161bbf02125635b9259da0ff\">\n.avia-section.av-lsbkap2y-6b36b013161bbf02125635b9259da0ff{\nbackground-color:#ffaa00;\nbackground-image:unset;\n}\n.avia-section.av-lsbkap2y-6b36b013161bbf02125635b9259da0ff .av-section-color-overlay{\nopacity:0.5;\n}\n<\/style>\n<div id='av_section_1'  class='avia-section av-lsbkap2y-6b36b013161bbf02125635b9259da0ff main_color avia-section-default avia-no-shadow  avia-builder-el-0  el_before_av_one_full  avia-builder-el-first  avia-bg-style-parallax av-section-color-overlay-active container_wrap fullsize'  ><div class=\"av-section-color-overlay-wrap\"><div class=\"av-section-color-overlay\"><\/div><div class='container av-section-cont-open' ><main  role=\"main\" itemprop=\"mainContentOfPage\"  class='template-page content  av-content-full alpha units'><div class='post-entry post-entry-type-page post-entry-2311'><div class='entry-content-wrapper clearfix'>\n\n<style type=\"text\/css\" data-created_by=\"avia_inline_auto\" id=\"style-css-av-lsbka7r1-eff5fc519831d186f14eec33971f3a19\">\n#top .av-special-heading.av-lsbka7r1-eff5fc519831d186f14eec33971f3a19{\npadding-bottom:10px;\ncolor:#ffffff;\n}\nbody .av-special-heading.av-lsbka7r1-eff5fc519831d186f14eec33971f3a19 .av-special-heading-tag .heading-char{\nfont-size:25px;\n}\n.av-special-heading.av-lsbka7r1-eff5fc519831d186f14eec33971f3a19 .special-heading-inner-border{\nborder-color:#ffffff;\n}\n.av-special-heading.av-lsbka7r1-eff5fc519831d186f14eec33971f3a19 .av-subheading{\nfont-size:15px;\n}\n<\/style>\n<div  class='av-special-heading av-lsbka7r1-eff5fc519831d186f14eec33971f3a19 av-special-heading-h1 custom-color-heading blockquote modern-quote modern-centered  avia-builder-el-1  avia-builder-el-no-sibling '><h1 class='av-special-heading-tag'  itemprop=\"headline\"  >Aktuelle Projekte<\/h1><div class=\"special-heading-border\"><div class=\"special-heading-inner-border\"><\/div><\/div><\/div>\n<\/div><\/div><\/main><!-- close content main element --><\/div><\/div><\/div><div id='after_section_1'  class='main_color av_default_container_wrap container_wrap fullsize'  ><div class='container av-section-cont-open' ><div class='template-page content  av-content-full alpha units'><div class='post-entry post-entry-type-page post-entry-2311'><div class='entry-content-wrapper clearfix'>\n<div class='flex_column av-8v03pj-dd01e8bc9de4e98606e8c97262aa9c04 av_one_full  avia-builder-el-2  el_after_av_section  el_before_av_one_third  avia-builder-el-first  first flex_column_div '     ><section  class='av_textblock_section av-lsbkrv20-2185ee1c75913960127762000c1cd4cd'  itemscope=\"itemscope\" itemtype=\"https:\/\/schema.org\/CreativeWork\" ><div class='avia_textblock'  itemprop=\"text\" ><p>Die Vereinsarbeit des F\u00f6rdervereins Montanregion Erzgebirge e. V. umfasst zur Zeit auch drei Drittmittelprojekte. Diese m\u00f6chten wir an dieser Stelle vorstellen. Informationen zu bereits abgeschlossenen Projekten, wie unser &#8222;Berggeschrey.2018&#8220; oder &#8222;Unser WeltErbe&#8220;, finden Sie weiter unten.<\/p>\n<\/div><\/section><\/div>\n<div class='flex_column av-7udy07-a8a82a4ade1d877ef34bc1edb198b74b av_one_third  avia-builder-el-4  el_after_av_one_full  el_before_av_one_third  first flex_column_div avia-link-column av-column-link column-top-margin'    data-link-column-url=\"https:\/\/mindmontan.de\/\"  data-link-column-target=\"_blank\"   ><a class=\"av-screen-reader-only\" href=\"https:\/\/mindmontan.de\/\" target=\"_blank\" rel=\"noopener\">Folge einem manuell hinzugef\u00fcgten Link<\/a><p>\n<style type=\"text\/css\" data-created_by=\"avia_inline_auto\" id=\"style-css-av-55a58n-139afe1eb6f667f9167bdda2db6f98c1\">\n#top .av-special-heading.av-55a58n-139afe1eb6f667f9167bdda2db6f98c1{\npadding-bottom:10px;\n}\nbody .av-special-heading.av-55a58n-139afe1eb6f667f9167bdda2db6f98c1 .av-special-heading-tag .heading-char{\nfont-size:25px;\n}\n.av-special-heading.av-55a58n-139afe1eb6f667f9167bdda2db6f98c1 .av-subheading{\nfont-size:15px;\n}\n<\/style>\n<div  class='av-special-heading av-55a58n-139afe1eb6f667f9167bdda2db6f98c1 av-special-heading-h2  avia-builder-el-5  el_before_av_textblock  avia-builder-el-first '><h2 class='av-special-heading-tag'  itemprop=\"headline\"  >recomine MindMontan<\/h2><div class=\"special-heading-border\"><div class=\"special-heading-inner-border\"><\/div><\/div><\/div><br \/>\n<section  class='av_textblock_section av-4cs4if-86d2c000662e6a3b8f1119e604239890'  itemscope=\"itemscope\" itemtype=\"https:\/\/schema.org\/CreativeWork\" ><div class='avia_textblock'  itemprop=\"text\" ><p><img loading=\"lazy\" decoding=\"async\" class=\"alignnone wp-image-2049 size-medium\" src=\"https:\/\/fv-montanregion-erzgebirge.de\/montan\/wp-content\/uploads\/2023\/05\/logo_recomine-300x58.png\" alt=\"Logo Recomine\" width=\"300\" height=\"58\" \/><img loading=\"lazy\" decoding=\"async\" class=\"size-full wp-image-2048 alignnone\" src=\"https:\/\/fv-montanregion-erzgebirge.de\/montan\/wp-content\/uploads\/2023\/05\/csm_Logo_BMBF_WIR.png\" alt=\"\" width=\"300\" height=\"118\" data-wp-editing=\"1\" \/><\/p>\n<\/div><\/section><\/p><\/div>\n<div class='flex_column av-6af753-372bceffee62de0d067751c7ca55772a av_one_third  avia-builder-el-7  el_after_av_one_third  el_before_av_one_third  flex_column_div avia-link-column av-column-link avia-link-column-hover column-top-margin'    data-link-column-url=\"https:\/\/fv-montanregion-erzgebirge.de\/montan\/category\/fundraising\/\"   ><a class=\"av-screen-reader-only\" href=https:\/\/fv-montanregion-erzgebirge.de\/montan\/category\/fundraising\/ >Link zu Fundraising in category<\/a><p>\n<style type=\"text\/css\" data-created_by=\"avia_inline_auto\" id=\"style-css-av-lsbn0kxa-277d18a44fcbaa5231df6cb76ab3571a\">\n#top .av-special-heading.av-lsbn0kxa-277d18a44fcbaa5231df6cb76ab3571a{\npadding-bottom:10px;\n}\nbody .av-special-heading.av-lsbn0kxa-277d18a44fcbaa5231df6cb76ab3571a .av-special-heading-tag .heading-char{\nfont-size:25px;\n}\n.av-special-heading.av-lsbn0kxa-277d18a44fcbaa5231df6cb76ab3571a .av-subheading{\nfont-size:15px;\n}\n<\/style>\n<div  class='av-special-heading av-lsbn0kxa-277d18a44fcbaa5231df6cb76ab3571a av-special-heading-h2  avia-builder-el-8  el_before_av_textblock  avia-builder-el-first '><h2 class='av-special-heading-tag'  itemprop=\"headline\"  >LEADER Fundraising-Konzept<\/h2><div class=\"special-heading-border\"><div class=\"special-heading-inner-border\"><\/div><\/div><\/div><br \/>\n<section  class='av_textblock_section av-lsiuftxe-f3f846fbec38935658191aec20c96ac3'  itemscope=\"itemscope\" itemtype=\"https:\/\/schema.org\/CreativeWork\" ><div class='avia_textblock'  itemprop=\"text\" ><p><img loading=\"lazy\" decoding=\"async\" class=\"alignleft size-medium wp-image-2322\" src=\"https:\/\/fv-montanregion-erzgebirge.de\/montan\/wp-content\/uploads\/2024\/02\/LEADER-LOGO-300x66.png\" alt=\"\" width=\"300\" height=\"66\" srcset=\"https:\/\/fv-montanregion-erzgebirge.de\/montan\/wp-content\/uploads\/2024\/02\/LEADER-LOGO-300x66.png 300w, https:\/\/fv-montanregion-erzgebirge.de\/montan\/wp-content\/uploads\/2024\/02\/LEADER-LOGO.png 510w\" sizes=\"auto, (max-width: 300px) 100vw, 300px\" \/><\/p>\n<\/div><\/section><\/p><\/div>\n<div class='flex_column av-4giarb-f6b209f74f1769784e0a3420a8094d27 av_one_third  avia-builder-el-10  el_after_av_one_third  el_before_av_hr  flex_column_div column-top-margin'     ><p>\n<style type=\"text\/css\" data-created_by=\"avia_inline_auto\" id=\"style-css-av-lsbmvyex-f6d248c7dd0b9de1508e62e86e9212d0\">\n#top .av-special-heading.av-lsbmvyex-f6d248c7dd0b9de1508e62e86e9212d0{\npadding-bottom:10px;\n}\nbody .av-special-heading.av-lsbmvyex-f6d248c7dd0b9de1508e62e86e9212d0 .av-special-heading-tag .heading-char{\nfont-size:25px;\n}\n.av-special-heading.av-lsbmvyex-f6d248c7dd0b9de1508e62e86e9212d0 .av-subheading{\nfont-size:15px;\n}\n<\/style>\n<div  class='av-special-heading av-lsbmvyex-f6d248c7dd0b9de1508e62e86e9212d0 av-special-heading-h2  avia-builder-el-11  el_before_av_textblock  avia-builder-el-first  av-linked-heading'><h2 class='av-special-heading-tag'  itemprop=\"headline\"  ><a class=\"av-heading-link\" href=\"https:\/\/fv-montanregion-erzgebirge.de\/montan\/llv\/\">recomine LLV Muldenh\u00fctten<\/a><\/h2><div class=\"special-heading-border\"><div class=\"special-heading-inner-border\"><\/div><\/div><\/div><br \/>\n<section  class='av_textblock_section av-lsbmln1c-da42aab0a696d72921be985f1325b73b'  itemscope=\"itemscope\" itemtype=\"https:\/\/schema.org\/CreativeWork\" ><div class='avia_textblock'  itemprop=\"text\" ><p><img loading=\"lazy\" decoding=\"async\" class=\"alignnone wp-image-2049 size-medium\" src=\"https:\/\/fv-montanregion-erzgebirge.de\/montan\/wp-content\/uploads\/2023\/05\/logo_recomine-300x58.png\" alt=\"Logo Recomine\" width=\"300\" height=\"58\" \/><img loading=\"lazy\" decoding=\"async\" class=\"size-full wp-image-2048 alignnone\" src=\"https:\/\/fv-montanregion-erzgebirge.de\/montan\/wp-content\/uploads\/2023\/05\/csm_Logo_BMBF_WIR.png\" alt=\"\" width=\"300\" height=\"118\" data-wp-editing=\"1\" \/><\/p>\n<\/div><\/section><\/p><\/div><div  class='hr av-1zbkc7-2d919fcf752fa30cf13ef4728980f470 hr-default  avia-builder-el-13  el_after_av_one_third  el_before_av_section  avia-builder-el-last '><span class='hr-inner '><span class=\"hr-inner-style\"><\/span><\/span><\/div><\/p>\n<\/div><\/div><\/div><!-- close content main div --><\/div><\/div>\n<style type=\"text\/css\" data-created_by=\"avia_inline_auto\" id=\"style-css-av-2fmubb-24b11b7f54ad2b354cadef4085a27cef\">\n.avia-section.av-2fmubb-24b11b7f54ad2b354cadef4085a27cef{\nbackground-color:#ffaa00;\nbackground-image:unset;\n}\n.avia-section.av-2fmubb-24b11b7f54ad2b354cadef4085a27cef .av-section-color-overlay{\nopacity:0.5;\n}\n<\/style>\n<div id='av_section_2'  class='avia-section av-2fmubb-24b11b7f54ad2b354cadef4085a27cef main_color avia-section-default avia-no-shadow  avia-builder-el-14  el_after_av_hr  el_before_av_textblock  avia-bg-style-parallax av-section-color-overlay-active container_wrap fullsize'  ><div class=\"av-section-color-overlay-wrap\"><div class=\"av-section-color-overlay\"><\/div><div class='container av-section-cont-open' ><div class='template-page content  av-content-full alpha units'><div class='post-entry post-entry-type-page post-entry-2311'><div class='entry-content-wrapper clearfix'>\n\n<style type=\"text\/css\" data-created_by=\"avia_inline_auto\" id=\"style-css-av-lsiuivet-18fd0ee3c102f0561c1e2c5424119970\">\n#top .av-special-heading.av-lsiuivet-18fd0ee3c102f0561c1e2c5424119970{\npadding-bottom:10px;\ncolor:#ffffff;\n}\nbody .av-special-heading.av-lsiuivet-18fd0ee3c102f0561c1e2c5424119970 .av-special-heading-tag .heading-char{\nfont-size:25px;\n}\n.av-special-heading.av-lsiuivet-18fd0ee3c102f0561c1e2c5424119970 .special-heading-inner-border{\nborder-color:#ffffff;\n}\n.av-special-heading.av-lsiuivet-18fd0ee3c102f0561c1e2c5424119970 .av-subheading{\nfont-size:15px;\n}\n<\/style>\n<div  class='av-special-heading av-lsiuivet-18fd0ee3c102f0561c1e2c5424119970 av-special-heading-h1 custom-color-heading blockquote modern-quote modern-centered  avia-builder-el-15  avia-builder-el-no-sibling '><h1 class='av-special-heading-tag'  itemprop=\"headline\"  >Abgeschlossene Projekte<\/h1><div class=\"special-heading-border\"><div class=\"special-heading-inner-border\"><\/div><\/div><\/div>\n<\/div><\/div><\/div><!-- close content main div --><\/div><\/div><\/div><div id='after_section_2'  class='main_color av_default_container_wrap container_wrap fullsize'  ><div class='container av-section-cont-open' ><div class='template-page content  av-content-full alpha units'><div class='post-entry post-entry-type-page post-entry-2311'><div class='entry-content-wrapper clearfix'>\n<section  class='av_textblock_section av-lsiut4w5-b5e86a97269d3a154d9ca7998c7b53cc'  itemscope=\"itemscope\" itemtype=\"https:\/\/schema.org\/CreativeWork\" ><div class='avia_textblock'  itemprop=\"text\" ><p>Neben unserem gr\u00f6\u00dften &#8211; dem Welterbe-Antrag f\u00fcr die Montanregion Erzgebirge\/Kru\u0161noho\u0159\u00ed &#8211; konnten wir in den letzten 20 Jahren verschiedene drittmittelgef\u00f6rderte Projeke abschlie\u00dfen.<\/p>\n<\/div><\/section>\n<div id='av-masonry-1' class='av-masonry av-lt2p86ig-c00fb03615f98b216627b6ae47502bf5 noHover av-fixed-size av-1px-gap av-hover-overlay-active av-masonry-animation-active av-masonry-col-flexible av-caption-always av-caption-style- av-masonry-entries av-orientation-landscape-large ' data-post_id=\"2311\"><div class=\"av-masonry-container isotope av-js-disabled\"><div class='av-masonry-entry isotope-item av-masonry-item-no-image all_sort alt_sort '><\/div><a href=\"https:\/\/fv-montanregion-erzgebirge.de\/montan\/portfolio-item\/schichtwechsel-schule\/\"  id='av-masonry-1-item-2333' data-av-masonry-item='2333' class='av-masonry-entry isotope-item post-2333 portfolio type-portfolio status-publish has-post-thumbnail hentry portfolio_entries-alt all_sort alt_sort  av-masonry-item-with-image' title=\"a3 bw\"   itemscope=\"itemscope\" itemtype=\"https:\/\/schema.org\/CreativeWork\" ><div class='av-inner-masonry-sizer'><\/div><figure class='av-inner-masonry main_color'><div class=\"av-masonry-outerimage-container\"><div class='av-masonry-image-container' style=\"background-image: url(https:\/\/fv-montanregion-erzgebirge.de\/montan\/wp-content\/uploads\/2016\/04\/a3-bw-1-705x397.jpg);\"  title=\"a3 bw\"  ><\/div><\/div><figcaption class='av-inner-masonry-content site-background'><div class='av-inner-masonry-content-pos'><div class='av-inner-masonry-content-pos-content'><div class='avia-arrow'><\/div><h3 class='av-masonry-entry-title entry-title '  itemprop=\"headline\" >Schichtwechsel<\/h3><div class='av-masonry-entry-content entry-content'  itemprop=\"text\" >Schulprojekte<\/div><\/div><\/div><\/figcaption><\/figure><\/a><!--end av-masonry entry--><a href=\"https:\/\/fv-montanregion-erzgebirge.de\/montan\/portfolio-item\/unser-welterbe\/\"  id='av-masonry-1-item-437' data-av-masonry-item='437' class='av-masonry-entry isotope-item post-437 portfolio type-portfolio status-publish has-post-thumbnail hentry portfolio_entries-alt all_sort alt_sort  av-masonry-item-with-image' title=\"Die Ehrenfriedersdorfer Radpumpe, Nachbau, D. Scheffel\"   itemscope=\"itemscope\" itemtype=\"https:\/\/schema.org\/CreativeWork\" ><div class='av-inner-masonry-sizer'><\/div><figure class='av-inner-masonry main_color'><div class=\"av-masonry-outerimage-container\"><div class='av-masonry-image-container' style=\"background-image: url(https:\/\/fv-montanregion-erzgebirge.de\/montan\/wp-content\/uploads\/2020\/11\/Die-Ehrenfriedersdorfer-Radpumpe-Nachbau-D.-Scheffel-470x705.jpg);\"  title=\"Die Ehrenfriedersdorfer Radpumpe, Nachbau, D. Scheffel\"  ><\/div><\/div><figcaption class='av-inner-masonry-content site-background'><div class='av-inner-masonry-content-pos'><div class='av-inner-masonry-content-pos-content'><div class='avia-arrow'><\/div><h3 class='av-masonry-entry-title entry-title '  itemprop=\"headline\" >UNSER WELTERBE<\/h3><div class='av-masonry-entry-content entry-content'  itemprop=\"text\" >Bildung & Vermittlung<\/div><\/div><\/div><\/figcaption><\/figure><\/a><!--end av-masonry entry--><a href=\"https:\/\/fv-montanregion-erzgebirge.de\/montan\/portfolio-item\/berggeschrey\/\"  id='av-masonry-1-item-416' data-av-masonry-item='416' class='av-masonry-entry isotope-item post-416 portfolio type-portfolio status-publish has-post-thumbnail hentry portfolio_entries-alt all_sort alt_sort  av-masonry-item-with-image' title=\"b6\"   itemscope=\"itemscope\" itemtype=\"https:\/\/schema.org\/CreativeWork\" ><div class='av-inner-masonry-sizer'><\/div><figure class='av-inner-masonry main_color'><div class=\"av-masonry-outerimage-container\"><div class='av-masonry-image-container' style=\"background-image: url(https:\/\/fv-montanregion-erzgebirge.de\/montan\/wp-content\/uploads\/2019\/06\/b6-705x397.jpg);\"  title=\"b6\"  ><\/div><\/div><figcaption class='av-inner-masonry-content site-background'><div class='av-inner-masonry-content-pos'><div class='av-inner-masonry-content-pos-content'><div class='avia-arrow'><\/div><h3 class='av-masonry-entry-title entry-title '  itemprop=\"headline\" >BERGGESCHREY<\/h3><div class='av-masonry-entry-content entry-content'  itemprop=\"text\" >Unterst\u00fctzung Ehrenamt<\/div><\/div><\/div><\/figcaption><\/figure><\/a><!--end av-masonry entry--><\/div><\/div>\n","protected":false},"excerpt":{"rendered":"<p>Wir engagieren uns!<\/p>\n","protected":false},"featured_media":539,"comment_status":"closed","ping_status":"closed","template":"","tags":[46,30,20],"portfolio_entries":[47,7],"class_list":["post-2311","portfolio","type-portfolio","status-publish","has-post-thumbnail","hentry","tag-projekte","tag-recomine","tag-welterbe","portfolio_entries-menue","portfolio_entries-startseite"],"_links":{"self":[{"href":"https:\/\/fv-montanregion-erzgebirge.de\/montan\/wp-json\/wp\/v2\/portfolio\/2311","targetHints":{"allow":["GET"]}}],"collection":[{"href":"https:\/\/fv-montanregion-erzgebirge.de\/montan\/wp-json\/wp\/v2\/portfolio"}],"about":[{"href":"https:\/\/fv-montanregion-erzgebirge.de\/montan\/wp-json\/wp\/v2\/types\/portfolio"}],"replies":[{"embeddable":true,"href":"https:\/\/fv-montanregion-erzgebirge.de\/montan\/wp-json\/wp\/v2\/comments?post=2311"}],"version-history":[{"count":20,"href":"https:\/\/fv-montanregion-erzgebirge.de\/montan\/wp-json\/wp\/v2\/portfolio\/2311\/revisions"}],"predecessor-version":[{"id":2447,"href":"https:\/\/fv-montanregion-erzgebirge.de\/montan\/wp-json\/wp\/v2\/portfolio\/2311\/revisions\/2447"}],"wp:featuredmedia":[{"embeddable":true,"href":"https:\/\/fv-montanregion-erzgebirge.de\/montan\/wp-json\/wp\/v2\/media\/539"}],"wp:attachment":[{"href":"https:\/\/fv-montanregion-erzgebirge.de\/montan\/wp-json\/wp\/v2\/media?parent=2311"}],"wp:term":[{"taxonomy":"post_tag","embeddable":true,"href":"https:\/\/fv-montanregion-erzgebirge.de\/montan\/wp-json\/wp\/v2\/tags?post=2311"},{"taxonomy":"portfolio_entries","embeddable":true,"href":"https:\/\/fv-montanregion-erzgebirge.de\/montan\/wp-json\/wp\/v2\/portfolio_entries?post=2311"}],"curies":[{"name":"wp","href":"https:\/\/api.w.org\/{rel}","templated":true}]}}