{"id":2432,"date":"2024-06-24T16:14:34","date_gmt":"2024-06-24T14:14:34","guid":{"rendered":"https:\/\/fv-montanregion-erzgebirge.de\/montan\/?page_id=2432"},"modified":"2025-11-03T13:11:09","modified_gmt":"2025-11-03T12:11:09","slug":"llv","status":"publish","type":"page","link":"https:\/\/fv-montanregion-erzgebirge.de\/montan\/llv\/","title":{"rendered":"rECOmine &#8211; LLV Muldenh\u00fctten"},"content":{"rendered":"\n<style type=\"text\/css\" data-created_by=\"avia_inline_auto\" id=\"style-css-av-cfr3dc-51f4a5328886d85fa6da9d458297d37d\">\n.avia-section.av-cfr3dc-51f4a5328886d85fa6da9d458297d37d{\nbackground-color:#ffaa00;\nbackground-image:unset;\n}\n.avia-section.av-cfr3dc-51f4a5328886d85fa6da9d458297d37d .av-section-color-overlay{\nopacity:0.5;\n}\n<\/style>\n<div id='av_section_1'  class='avia-section av-cfr3dc-51f4a5328886d85fa6da9d458297d37d main_color avia-section-default avia-no-shadow  avia-builder-el-0  el_before_av_two_third  avia-builder-el-first  avia-bg-style-parallax av-section-color-overlay-active container_wrap fullsize'  ><div class=\"av-section-color-overlay-wrap\"><div class=\"av-section-color-overlay\"><\/div><div class='container av-section-cont-open' ><main  role=\"main\" itemprop=\"mainContentOfPage\"  class='template-page content  av-content-full alpha units'><div class='post-entry post-entry-type-page post-entry-2432'><div class='entry-content-wrapper clearfix'>\n\n<style type=\"text\/css\" data-created_by=\"avia_inline_auto\" id=\"style-css-av-lxt1fgy2-efefd473174cc2e01675ac76f8c3fc62\">\n#top .av-special-heading.av-lxt1fgy2-efefd473174cc2e01675ac76f8c3fc62{\npadding-bottom:10px;\ncolor:#ffffff;\n}\nbody .av-special-heading.av-lxt1fgy2-efefd473174cc2e01675ac76f8c3fc62 .av-special-heading-tag .heading-char{\nfont-size:25px;\n}\n.av-special-heading.av-lxt1fgy2-efefd473174cc2e01675ac76f8c3fc62 .special-heading-inner-border{\nborder-color:#ffffff;\n}\n.av-special-heading.av-lxt1fgy2-efefd473174cc2e01675ac76f8c3fc62 .av-subheading{\nfont-size:15px;\n}\n<\/style>\n<div  class='av-special-heading av-lxt1fgy2-efefd473174cc2e01675ac76f8c3fc62 av-special-heading-h1 custom-color-heading blockquote modern-quote modern-centered  avia-builder-el-1  avia-builder-el-no-sibling '><h1 class='av-special-heading-tag'  itemprop=\"headline\"  >recomine Lern-Lehr-Vermittlungsort Muldenh\u00fctten<\/h1><div class=\"special-heading-border\"><div class=\"special-heading-inner-border\"><\/div><\/div><\/div>\n<\/div><\/div><\/main><!-- close content main element --><\/div><\/div><\/div><div id='after_section_1'  class='main_color av_default_container_wrap container_wrap fullsize'  ><div class='container av-section-cont-open' ><div class='template-page content  av-content-full alpha units'><div class='post-entry post-entry-type-page post-entry-2432'><div class='entry-content-wrapper clearfix'>\n<div class='flex_column av-b1m6io-bd8b36244393fefda0ec61296329702a av_two_third  avia-builder-el-2  el_after_av_section  el_before_av_one_third  avia-builder-el-first  first flex_column_div '     ><p><section  class='av_textblock_section av-lxt1o27i-e81243ed517ae215d3893e84daa65da5'  itemscope=\"itemscope\" itemtype=\"https:\/\/schema.org\/CreativeWork\" ><div class='avia_textblock'  itemprop=\"text\" ><p><span class=\"break-words\n      tvm-parent-container\"><span dir=\"ltr\">Seit Juli 2023 beteiligt sich der F\u00f6rderverein Montanregion Erzgebirge gemeinsam mit dem Institut f\u00fcr Industriearch\u00e4ologie, Wissenschafts- und Technikgeschichte (IWTG) der TU Bergakademie Freiberg am rECOmine-Projekt <strong>LLV Muldenh\u00fctten<\/strong>. Ziel ist es, den historischen Welterbe-Standort Muldenh\u00fctten durch ein Pilotprojekt als Lern-, Lehr- und Vermittlungsort zu entwickeln. Neben den Tagen der Offenen T\u00fcr, Ausstellungen und Stakeholder-Workshops, zeichnen wir vor allem f\u00fcr Schulprojekttage und die Lehrerfortbildung verantwortlich. Zentrale Themen des Projekts sind Muldenh\u00fctten als historischer Innovationsstandort f\u00fcr die Buntmetallurgie sowie die Entwicklung einer metallurgischen Kreislaufwirtschaft in Vergangenheit, Gegenwart und Zukunft im Spannungsfeld von Welterbe, aktivem Industriestandort und Umweltschutz. Das vom BMBF gef\u00f6rderte Projekt l\u00e4uft noch bis Ende 2025.<\/span><\/span><\/p>\n<\/div><\/section><br \/>\n<div  class='hr av-av_hr-91d7ccd583a503147498e120fee2ff9b hr-default  avia-builder-el-4  el_after_av_textblock  el_before_av_image '><span class='hr-inner '><span class=\"hr-inner-style\"><\/span><\/span><\/div><br \/>\n\n<style type=\"text\/css\" data-created_by=\"avia_inline_auto\" id=\"style-css-av-mhj3lxtm-53ffd1bb87110355718ee3fb1f946685\">\n@-webkit-keyframes av_boxShadowEffect_av-mhj3lxtm-53ffd1bb87110355718ee3fb1f946685 {\n0%   { box-shadow:  0 0 0 0 ; opacity: 1; }\n100% { box-shadow:  0 0 10px 0 ; opacity: 1; }\n}\n@keyframes av_boxShadowEffect_av-mhj3lxtm-53ffd1bb87110355718ee3fb1f946685 {\n0%   { box-shadow:  0 0 0 0 ; opacity: 1; }\n100% { box-shadow:  0 0 10px 0 ; opacity: 1; }\n}\n.avia-image-container.av-mhj3lxtm-53ffd1bb87110355718ee3fb1f946685 img.avia_image{\nbox-shadow: 0 0 10px 0 ;\n}\n.avia-image-container.av-mhj3lxtm-53ffd1bb87110355718ee3fb1f946685 .av-image-caption-overlay-center{\ncolor:#ffffff;\n}\n<\/style>\n<div  class='avia-image-container av-mhj3lxtm-53ffd1bb87110355718ee3fb1f946685 av-styling- avia-align-center  avia-builder-el-5  el_after_av_hr  avia-builder-el-last  av-img-box-shadow av-box-shadow-not-animated'   itemprop=\"image\" itemscope=\"itemscope\" itemtype=\"https:\/\/schema.org\/ImageObject\" ><div class=\"avia-image-container-inner\"><div class=\"avia-image-overlay-wrap\"><img decoding=\"async\" class='wp-image-2846 avia-img-lazy-loading-not-2846 avia_image shadow-not-animated' src=\"https:\/\/fv-montanregion-erzgebirge.de\/montan\/wp-content\/uploads\/2025\/10\/csm_Logo_BMFTR_WIR-300x118.png\" alt='' title='csm_Logo_BMFTR_WIR'  height=\"118\" width=\"300\"  itemprop=\"thumbnailUrl\" srcset=\"https:\/\/fv-montanregion-erzgebirge.de\/montan\/wp-content\/uploads\/2025\/10\/csm_Logo_BMFTR_WIR-300x118.png 300w, https:\/\/fv-montanregion-erzgebirge.de\/montan\/wp-content\/uploads\/2025\/10\/csm_Logo_BMFTR_WIR.png 600w\" sizes=\"(max-width: 300px) 100vw, 300px\" \/><\/div><\/div><\/div><\/p><\/div><div class='flex_column av-v4lds-af645bb7f4515aabc861b4fd15d2be9e av_one_third  avia-builder-el-6  el_after_av_two_third  el_before_av_one_third  flex_column_div '     ><p><div  class='avia-logo-element-container av-lxxccecp-54b8028e568c345f25f29bdaa1e4a339 av-border-deactivate avia-logo-grid avia-content-slider avia-smallarrow-slider avia-content-grid-active noHover avia-content-slider-odd  avia-builder-el-7  el_before_av_button  avia-builder-el-first  avia-content-slider1' ><div class='avia-smallarrow-slider-heading '><div class='new-special-heading'><h3 class='av-logo-special-heading-text '>Partner<\/h3><\/div><\/div><div class=\"avia-content-slider-inner\"><div class=\"slide-entry-wrap\"><div  class='slide-entry av-7rd2cg-dbdcc5f057e6cbed26bb076f1340abe9 flex_column no_margin av_fullwidth real-thumbnail post-entry slide-entry-overview slide-loop-1 slide-parity-odd  first'><img decoding=\"async\" width=\"300\" height=\"58\" src=\"https:\/\/fv-montanregion-erzgebirge.de\/montan\/wp-content\/uploads\/2023\/05\/logo_recomine-e1719306598329.png\" class=\"wp-image-2049 avia-img-lazy-loading-not-2049 attachment-large size-large\" alt=\"Logo Recomine\" \/><\/div><\/div><div class=\"slide-entry-wrap\"><div  class='slide-entry av-av_partner_logo-9a18492bd3c7f8c991daada35e83af72 flex_column no_margin av_fullwidth real-thumbnail post-entry slide-entry-overview slide-loop-2 slide-parity-odd  first'><img decoding=\"async\" width=\"1030\" height=\"660\" src=\"https:\/\/fv-montanregion-erzgebirge.de\/montan\/wp-content\/uploads\/2025\/10\/IWTG-Logo-blau-1030x660.png\" class=\"wp-image-2848 avia-img-lazy-loading-not-2848 attachment-large size-large\" alt=\"\" srcset=\"https:\/\/fv-montanregion-erzgebirge.de\/montan\/wp-content\/uploads\/2025\/10\/IWTG-Logo-blau-1030x660.png 1030w, https:\/\/fv-montanregion-erzgebirge.de\/montan\/wp-content\/uploads\/2025\/10\/IWTG-Logo-blau-300x192.png 300w, https:\/\/fv-montanregion-erzgebirge.de\/montan\/wp-content\/uploads\/2025\/10\/IWTG-Logo-blau-768x492.png 768w, https:\/\/fv-montanregion-erzgebirge.de\/montan\/wp-content\/uploads\/2025\/10\/IWTG-Logo-blau-1500x961.png 1500w, https:\/\/fv-montanregion-erzgebirge.de\/montan\/wp-content\/uploads\/2025\/10\/IWTG-Logo-blau-705x452.png 705w, https:\/\/fv-montanregion-erzgebirge.de\/montan\/wp-content\/uploads\/2025\/10\/IWTG-Logo-blau.png 1512w\" sizes=\"(max-width: 1030px) 100vw, 1030px\" \/><\/div><\/div><div class=\"slide-entry-wrap\"><div  class='slide-entry av-1yv2ao-7976007cdceefbdb5c29e145d2387ea6 flex_column no_margin av_fullwidth real-thumbnail post-entry slide-entry-overview slide-loop-3 slide-parity-odd  first'><img decoding=\"async\" width=\"1030\" height=\"455\" src=\"https:\/\/fv-montanregion-erzgebirge.de\/montan\/wp-content\/uploads\/2024\/06\/LOGO_SAXONIA-1030x455.jpg\" class=\"wp-image-2523 avia-img-lazy-loading-not-2523 attachment-large size-large\" alt=\"\" srcset=\"https:\/\/fv-montanregion-erzgebirge.de\/montan\/wp-content\/uploads\/2024\/06\/LOGO_SAXONIA-1030x455.jpg 1030w, https:\/\/fv-montanregion-erzgebirge.de\/montan\/wp-content\/uploads\/2024\/06\/LOGO_SAXONIA-e1719497106847.jpg 300w, https:\/\/fv-montanregion-erzgebirge.de\/montan\/wp-content\/uploads\/2024\/06\/LOGO_SAXONIA-768x339.jpg 768w, https:\/\/fv-montanregion-erzgebirge.de\/montan\/wp-content\/uploads\/2024\/06\/LOGO_SAXONIA-705x312.jpg 705w\" sizes=\"(max-width: 1030px) 100vw, 1030px\" \/><\/div><\/div><div class=\"slide-entry-wrap\"><div  class='slide-entry av-45ifb4-f54e77501d253616a5b11c1aec837335 flex_column no_margin av_fullwidth real-thumbnail post-entry slide-entry-overview slide-loop-4 slide-parity-odd post-entry-last first'><img decoding=\"async\" width=\"1030\" height=\"659\" src=\"https:\/\/fv-montanregion-erzgebirge.de\/montan\/wp-content\/uploads\/2024\/05\/Welterbe_5_JahresLogo_4c-1030x659.png\" class=\"wp-image-2377 avia-img-lazy-loading-not-2377 attachment-large size-large\" alt=\"\" srcset=\"https:\/\/fv-montanregion-erzgebirge.de\/montan\/wp-content\/uploads\/2024\/05\/Welterbe_5_JahresLogo_4c-1030x659.png 1030w, https:\/\/fv-montanregion-erzgebirge.de\/montan\/wp-content\/uploads\/2024\/05\/Welterbe_5_JahresLogo_4c-e1719497024220.png 300w, https:\/\/fv-montanregion-erzgebirge.de\/montan\/wp-content\/uploads\/2024\/05\/Welterbe_5_JahresLogo_4c-768x492.png 768w, https:\/\/fv-montanregion-erzgebirge.de\/montan\/wp-content\/uploads\/2024\/05\/Welterbe_5_JahresLogo_4c-1536x983.png 1536w, https:\/\/fv-montanregion-erzgebirge.de\/montan\/wp-content\/uploads\/2024\/05\/Welterbe_5_JahresLogo_4c-1500x960.png 1500w, https:\/\/fv-montanregion-erzgebirge.de\/montan\/wp-content\/uploads\/2024\/05\/Welterbe_5_JahresLogo_4c-705x451.png 705w\" sizes=\"(max-width: 1030px) 100vw, 1030px\" \/><\/div><\/div><\/div><\/div><br \/>\n<div  class='avia-button-wrap av-lxt23u3n-733f5ffe36ae02769d70d4a47fbe1fc8-wrap avia-button-center  avia-builder-el-8  el_after_av_partner  avia-builder-el-last '><a href='https:\/\/www.recomine.de\/projekte\/projektdetail\/llv-muldenhuetten' class='avia-button av-lxt23u3n-733f5ffe36ae02769d70d4a47fbe1fc8 avia-icon_select-no avia-size-x-large avia-position-center avia-color-theme-color' target=\"_blank\" rel=\"noopener noreferrer\"><span class='avia_iconbox_title' >Link zur rECOmine Projektseite<\/span><\/a><\/div><\/p><\/div><div class='flex_column av-65k380-1a4ac8ab1ce3ea357598e4c1ec850421 av_one_third  avia-builder-el-9  el_after_av_one_third  el_before_av_two_third  first flex_column_div column-top-margin'     ><style type=\"text\/css\" data-created_by=\"avia_inline_auto\" id=\"style-css-av-lxt1ta4h-20cfcf4a5f9cf5e702421d2379f24393\">\n@-webkit-keyframes av_boxShadowEffect_av-lxt1ta4h-20cfcf4a5f9cf5e702421d2379f24393 {\n0%   { box-shadow:  0 0 0 0 ; opacity: 1; }\n100% { box-shadow:  0 0 10px 0 ; opacity: 1; }\n}\n@keyframes av_boxShadowEffect_av-lxt1ta4h-20cfcf4a5f9cf5e702421d2379f24393 {\n0%   { box-shadow:  0 0 0 0 ; opacity: 1; }\n100% { box-shadow:  0 0 10px 0 ; opacity: 1; }\n}\n.avia-image-container.av-lxt1ta4h-20cfcf4a5f9cf5e702421d2379f24393 img.avia_image{\nbox-shadow: 0 0 10px 0 ;\n}\n.avia-image-container.av-lxt1ta4h-20cfcf4a5f9cf5e702421d2379f24393 .av-image-caption-overlay-center{\ncolor:#ffffff;\n}\n<\/style>\n<div  class='avia-image-container av-lxt1ta4h-20cfcf4a5f9cf5e702421d2379f24393 av-styling- avia-align-center  avia-builder-el-10  avia-builder-el-no-sibling  av-img-box-shadow av-box-shadow-not-animated'   itemprop=\"image\" itemscope=\"itemscope\" itemtype=\"https:\/\/schema.org\/ImageObject\" ><div class=\"avia-image-container-inner\"><div class=\"avia-image-overlay-wrap\"><img decoding=\"async\" class='wp-image-2436 avia-img-lazy-loading-not-2436 avia_image shadow-not-animated' src=\"https:\/\/fv-montanregion-erzgebirge.de\/montan\/wp-content\/uploads\/2024\/06\/banner_kl.png\" alt='' title='banner_kl'  height=\"13853\" width=\"7971\"  itemprop=\"thumbnailUrl\" srcset=\"https:\/\/fv-montanregion-erzgebirge.de\/montan\/wp-content\/uploads\/2024\/06\/banner_kl.png 7971w, https:\/\/fv-montanregion-erzgebirge.de\/montan\/wp-content\/uploads\/2024\/06\/banner_kl-173x300.png 173w, https:\/\/fv-montanregion-erzgebirge.de\/montan\/wp-content\/uploads\/2024\/06\/banner_kl-593x1030.png 593w, https:\/\/fv-montanregion-erzgebirge.de\/montan\/wp-content\/uploads\/2024\/06\/banner_kl-768x1335.png 768w, https:\/\/fv-montanregion-erzgebirge.de\/montan\/wp-content\/uploads\/2024\/06\/banner_kl-863x1500.png 863w, https:\/\/fv-montanregion-erzgebirge.de\/montan\/wp-content\/uploads\/2024\/06\/banner_kl-406x705.png 406w\" sizes=\"(max-width: 7971px) 100vw, 7971px\" \/><\/div><\/div><\/div><\/div><\/p>\n<div class='flex_column av-3tz1ls-72b7a7fe07f125bda50e8a8667ed8446 av_two_third  avia-builder-el-11  el_after_av_one_third  el_before_av_hr  flex_column_div column-top-margin'     ><div  class='av-alb-blogposts template-blog  av-blog-meta-author-disabled av-blog-meta-comments-disabled av-blog-meta-category-disabled av-blog-meta-date-disabled av-blog-meta-html-info-disabled av-blog-meta-tag-disabled '  itemscope=\"itemscope\" itemtype=\"https:\/\/schema.org\/Blog\" ><article class=\"post-entry post-entry-type-standard post-entry-2904 post-loop-1 post-parity-odd bloglist-excerpt with-slider post-2904 post type-post status-publish format-standard has-post-thumbnail hentry category-allgemein category-news category-veranstaltungen tag-ausstellung tag-freiberg tag-fuehrung tag-huettenwesen tag-montanregion tag-muldenhuetten\"  itemscope=\"itemscope\" itemtype=\"https:\/\/schema.org\/BlogPosting\" ><div class=\"blog-meta\"><\/div><div class='entry-content-wrapper clearfix standard-content'><header class=\"entry-content-header\"><h2 class='post-title entry-title '  itemprop=\"headline\" ><a href=\"https:\/\/fv-montanregion-erzgebirge.de\/montan\/fuehrungen-muldenhuetten\/\" rel=\"bookmark\" title=\"Permanenter Link zu: F\u00fchrungen Muldenh\u00fctten\">F\u00fchrungen Muldenh\u00fctten<span class=\"post-format-icon minor-meta\"><\/span><\/a><\/h2><\/header><span class=\"post-meta-infos\"><\/span><p>Nicht vergessen! F\u00fchrung \u00fcber das historische H\u00fcttengel\u00e4nde.<br \/>\nN\u00e4chster Termin: 2. Mai 2026<\/p>\n<div class=\"read-more-link\"><a href=\"https:\/\/fv-montanregion-erzgebirge.de\/montan\/fuehrungen-muldenhuetten\/\" class=\"more-link\">Weiterlesen<span class=\"more-link-arrow\"><\/span><\/a><\/div><footer class=\"entry-footer\"><\/footer><div class='post_delimiter'><\/div><\/div><div class=\"post_author_timeline\"><\/div><span class='hidden'>\n\t\t\t\t<span class='av-structured-data'  itemprop=\"image\" itemscope=\"itemscope\" itemtype=\"https:\/\/schema.org\/ImageObject\" >\n\t\t\t\t\t\t<span itemprop='url'>https:\/\/fv-montanregion-erzgebirge.de\/montan\/wp-content\/uploads\/2026\/04\/DSC02399-scaled.jpeg<\/span>\n\t\t\t\t\t\t<span itemprop='height'>1706<\/span>\n\t\t\t\t\t\t<span itemprop='width'>2560<\/span>\n\t\t\t\t<\/span>\n\t\t\t\t<span class='av-structured-data'  itemprop=\"publisher\" itemtype=\"https:\/\/schema.org\/Organization\" itemscope=\"itemscope\" >\n\t\t\t\t\t\t<span itemprop='name'>julia.petzak<\/span>\n\t\t\t\t\t\t<span itemprop='logo' itemscope itemtype='https:\/\/schema.org\/ImageObject'>\n\t\t\t\t\t\t\t<span itemprop='url'>https:\/\/fv-montanregion-erzgebirge.de\/montan\/wp-content\/uploads\/2023\/04\/Logo_FV_Montanregion-340x156-1.png<\/span>\n\t\t\t\t\t\t<\/span>\n\t\t\t\t<\/span><span class='av-structured-data'  itemprop=\"author\" itemscope=\"itemscope\" itemtype=\"https:\/\/schema.org\/Person\" ><span itemprop='name'>julia.petzak<\/span><\/span><span class='av-structured-data'  itemprop=\"datePublished\" datetime=\"2026-04-24T11:34:49+02:00\" >2026-04-24 11:34:49<\/span><span class='av-structured-data'  itemprop=\"dateModified\" itemtype=\"https:\/\/schema.org\/dateModified\" >2026-04-29 11:47:51<\/span><span class='av-structured-data'  itemprop=\"mainEntityOfPage\" itemtype=\"https:\/\/schema.org\/mainEntityOfPage\" ><span itemprop='name'>F\u00fchrungen Muldenh\u00fctten<\/span><\/span><\/span><\/article><article class=\"post-entry post-entry-type-standard post-entry-2857 post-loop-2 post-parity-even post-entry-last bloglist-excerpt with-slider post-2857 post type-post status-publish format-standard has-post-thumbnail hentry category-allgemein category-llv-muldenhuetten category-news category-recomine category-veranstaltungen category-welterbe tag-freiberg tag-llv-muldenhuetten tag-recomine\"  itemscope=\"itemscope\" itemtype=\"https:\/\/schema.org\/BlogPosting\" ><div class=\"blog-meta\"><\/div><div class='entry-content-wrapper clearfix standard-content'><header class=\"entry-content-header\"><h2 class='post-title entry-title '  itemprop=\"headline\" ><a href=\"https:\/\/fv-montanregion-erzgebirge.de\/montan\/kreislaufwirtschaft-in-der-bildung-am-10-11-25-1800-uhr\/\" rel=\"bookmark\" title=\"Permanenter Link zu: Kreislauf-wirtschaft in der Bildung\">Kreislauf-wirtschaft in der Bildung<span class=\"post-format-icon minor-meta\"><\/span><\/a><\/h2><\/header><span class=\"post-meta-infos\"><\/span><p>Vortrag und Gespr\u00e4ch am 10.11.25, 18:00 Uhr im Rahmen des recomine-Projekts LLV Muldenh\u00fctten<\/p>\n<div class=\"read-more-link\"><a href=\"https:\/\/fv-montanregion-erzgebirge.de\/montan\/kreislaufwirtschaft-in-der-bildung-am-10-11-25-1800-uhr\/\" class=\"more-link\">Weiterlesen<span class=\"more-link-arrow\"><\/span><\/a><\/div><footer class=\"entry-footer\"><\/footer><div class='post_delimiter'><\/div><\/div><div class=\"post_author_timeline\"><\/div><span class='hidden'>\n\t\t\t\t<span class='av-structured-data'  itemprop=\"image\" itemscope=\"itemscope\" itemtype=\"https:\/\/schema.org\/ImageObject\" >\n\t\t\t\t\t\t<span itemprop='url'>https:\/\/fv-montanregion-erzgebirge.de\/montan\/wp-content\/uploads\/2025\/11\/Kreislaufwirtschaft_Bildung_10_11_25_sharepic.png<\/span>\n\t\t\t\t\t\t<span itemprop='height'>1080<\/span>\n\t\t\t\t\t\t<span itemprop='width'>1080<\/span>\n\t\t\t\t<\/span>\n\t\t\t\t<span class='av-structured-data'  itemprop=\"publisher\" itemtype=\"https:\/\/schema.org\/Organization\" itemscope=\"itemscope\" >\n\t\t\t\t\t\t<span itemprop='name'>julia.petzak<\/span>\n\t\t\t\t\t\t<span itemprop='logo' itemscope itemtype='https:\/\/schema.org\/ImageObject'>\n\t\t\t\t\t\t\t<span itemprop='url'>https:\/\/fv-montanregion-erzgebirge.de\/montan\/wp-content\/uploads\/2023\/04\/Logo_FV_Montanregion-340x156-1.png<\/span>\n\t\t\t\t\t\t<\/span>\n\t\t\t\t<\/span><span class='av-structured-data'  itemprop=\"author\" itemscope=\"itemscope\" itemtype=\"https:\/\/schema.org\/Person\" ><span itemprop='name'>julia.petzak<\/span><\/span><span class='av-structured-data'  itemprop=\"datePublished\" datetime=\"2025-11-03T12:59:25+01:00\" >2025-11-03 12:59:25<\/span><span class='av-structured-data'  itemprop=\"dateModified\" itemtype=\"https:\/\/schema.org\/dateModified\" >2025-11-03 13:00:33<\/span><span class='av-structured-data'  itemprop=\"mainEntityOfPage\" itemtype=\"https:\/\/schema.org\/mainEntityOfPage\" ><span itemprop='name'>Kreislauf-wirtschaft in der Bildung<\/span><\/span><\/span><\/article><div class='bloglist-excerpt'><nav class='pagination'><span class='pagination-meta'>Seite 1 von 8<\/span><span class='current'>1<\/span><a href='https:\/\/fv-montanregion-erzgebirge.de\/montan\/wp-json\/wp\/v2\/pages\/2432\/page\/2\/' class='inactive next_page' >2<\/a><a href='https:\/\/fv-montanregion-erzgebirge.de\/montan\/wp-json\/wp\/v2\/pages\/2432\/page\/3\/' class='inactive' >3<\/a><a href='https:\/\/fv-montanregion-erzgebirge.de\/montan\/wp-json\/wp\/v2\/pages\/2432\/page\/2\/'>&rsaquo;<\/a><a href='https:\/\/fv-montanregion-erzgebirge.de\/montan\/wp-json\/wp\/v2\/pages\/2432\/page\/8\/'>&raquo;<\/a><\/nav>\n<\/div><\/div><\/div>\n<div  class='hr av-av_hr-91d7ccd583a503147498e120fee2ff9b hr-default'><span class='hr-inner '><span class=\"hr-inner-style\"><\/span><\/span><\/div>\n","protected":false},"excerpt":{"rendered":"","protected":false},"author":10,"featured_media":0,"parent":0,"menu_order":0,"comment_status":"closed","ping_status":"closed","template":"","meta":{"footnotes":""},"class_list":["post-2432","page","type-page","status-publish","hentry"],"_links":{"self":[{"href":"https:\/\/fv-montanregion-erzgebirge.de\/montan\/wp-json\/wp\/v2\/pages\/2432","targetHints":{"allow":["GET"]}}],"collection":[{"href":"https:\/\/fv-montanregion-erzgebirge.de\/montan\/wp-json\/wp\/v2\/pages"}],"about":[{"href":"https:\/\/fv-montanregion-erzgebirge.de\/montan\/wp-json\/wp\/v2\/types\/page"}],"author":[{"embeddable":true,"href":"https:\/\/fv-montanregion-erzgebirge.de\/montan\/wp-json\/wp\/v2\/users\/10"}],"replies":[{"embeddable":true,"href":"https:\/\/fv-montanregion-erzgebirge.de\/montan\/wp-json\/wp\/v2\/comments?post=2432"}],"version-history":[{"count":25,"href":"https:\/\/fv-montanregion-erzgebirge.de\/montan\/wp-json\/wp\/v2\/pages\/2432\/revisions"}],"predecessor-version":[{"id":2875,"href":"https:\/\/fv-montanregion-erzgebirge.de\/montan\/wp-json\/wp\/v2\/pages\/2432\/revisions\/2875"}],"wp:attachment":[{"href":"https:\/\/fv-montanregion-erzgebirge.de\/montan\/wp-json\/wp\/v2\/media?parent=2432"}],"curies":[{"name":"wp","href":"https:\/\/api.w.org\/{rel}","templated":true}]}}